{"id":9,"date":"2013-11-10T10:06:59","date_gmt":"2013-11-10T10:06:59","guid":{"rendered":"http:\/\/marosikert.hu\/?page_id=9"},"modified":"2022-12-16T15:59:53","modified_gmt":"2022-12-16T15:59:53","slug":"cserjek-csemo","status":"publish","type":"page","link":"https:\/\/marosifaiskola.hu\/?page_id=9","title":{"rendered":"CSERJ\u00c9K"},"content":{"rendered":"<p style=\"text-align: justify;\"><strong>Berberis x media Red Yewel<\/strong>\u00a0(F\u00c9NYES LEVEL\u0170 \u00c9KSZERBORBOLYA)<\/p>\n<p style=\"text-align: justify;\"><a href=\"http:\/\/marosikert.hu\/wp-content\/uploads\/2013\/11\/Berberis-x-media-Red-Jewel-autumn.jpg\"><img loading=\"lazy\" decoding=\"async\" class=\"alignnone size-medium wp-image-52\" src=\"http:\/\/marosikert.hu\/wp-content\/uploads\/2013\/11\/Berberis-x-media-Red-Jewel-autumn-300x225.jpg\" alt=\"Berberis x media 'Red Jewel' autumn\" width=\"300\" height=\"225\" srcset=\"https:\/\/marosifaiskola.hu\/wp-content\/uploads\/2013\/11\/Berberis-x-media-Red-Jewel-autumn-300x225.jpg 300w, https:\/\/marosifaiskola.hu\/wp-content\/uploads\/2013\/11\/Berberis-x-media-Red-Jewel-autumn.jpg 360w\" sizes=\"auto, (max-width: 300px) 100vw, 300px\" \/><\/a><\/p>\n<p style=\"text-align: justify;\"><strong>Berberis x ottavensis \u00a0Superba\u00a0<\/strong>\u00a0(S\u00d6T\u00c9TV\u00d6R\u00d6S BORBOLYA)<\/p>\n<p style=\"text-align: justify;\"><a href=\"http:\/\/marosikert.hu\/wp-content\/uploads\/2013\/11\/Berberis-Ottawensis-Superba-02.jpg\"><img loading=\"lazy\" decoding=\"async\" class=\"alignnone size-medium wp-image-54\" src=\"http:\/\/marosikert.hu\/wp-content\/uploads\/2013\/11\/Berberis-Ottawensis-Superba-02-300x222.jpg\" alt=\"Berberis-Ottawensis-Superba-02\" width=\"300\" height=\"222\" srcset=\"https:\/\/marosifaiskola.hu\/wp-content\/uploads\/2013\/11\/Berberis-Ottawensis-Superba-02-300x222.jpg 300w, https:\/\/marosifaiskola.hu\/wp-content\/uploads\/2013\/11\/Berberis-Ottawensis-Superba-02-1024x759.jpg 1024w, https:\/\/marosifaiskola.hu\/wp-content\/uploads\/2013\/11\/Berberis-Ottawensis-Superba-02-404x300.jpg 404w, https:\/\/marosifaiskola.hu\/wp-content\/uploads\/2013\/11\/Berberis-Ottawensis-Superba-02.jpg 1404w\" sizes=\"auto, (max-width: 300px) 100vw, 300px\" \/><\/a><\/p>\n<p style=\"text-align: justify;\"><strong>Berberis thunbergi Atropurpures Nana\u00a0<\/strong>\u00a0(T\u00d6RPE V\u00c9RBORBOLYA)<\/p>\n<p style=\"text-align: justify;\"><a href=\"http:\/\/marosikert.hu\/wp-content\/uploads\/2013\/11\/t\u00f6rpe-v\u00e9rborbolya.jpg\"><img loading=\"lazy\" decoding=\"async\" class=\"alignnone size-medium wp-image-56\" src=\"http:\/\/marosikert.hu\/wp-content\/uploads\/2013\/11\/t\u00f6rpe-v\u00e9rborbolya-300x225.jpg\" alt=\"t\u00f6rpe v\u00e9rborbolya\" width=\"300\" height=\"225\" srcset=\"https:\/\/marosifaiskola.hu\/wp-content\/uploads\/2013\/11\/t\u00f6rpe-v\u00e9rborbolya-300x225.jpg 300w, https:\/\/marosifaiskola.hu\/wp-content\/uploads\/2013\/11\/t\u00f6rpe-v\u00e9rborbolya-400x300.jpg 400w, https:\/\/marosifaiskola.hu\/wp-content\/uploads\/2013\/11\/t\u00f6rpe-v\u00e9rborbolya.jpg 1024w\" sizes=\"auto, (max-width: 300px) 100vw, 300px\" \/><\/a><\/p>\n<p style=\"text-align: justify;\"><strong>Berberis th. Green Carpet\u00a0<\/strong>\u00a0(TER\u00dcL\u0150 BORBOLYA)<\/p>\n<p style=\"text-align: justify;\"><a href=\"http:\/\/marosikert.hu\/wp-content\/uploads\/2013\/11\/ter\u00fcl\u0151-borbolya.jpg\"><img loading=\"lazy\" decoding=\"async\" class=\"alignnone size-medium wp-image-57\" src=\"http:\/\/marosikert.hu\/wp-content\/uploads\/2013\/11\/ter\u00fcl\u0151-borbolya-300x225.jpg\" alt=\"SANYO DIGITAL CAMERA\" width=\"300\" height=\"225\" \/><\/a><\/p>\n<p style=\"text-align: justify;\"><strong>Buxus sempervirens\u00a0<\/strong>\u00a0(\u00d6R\u00d6KZ\u00d6LD PUSZP\u00c1NG)<\/p>\n<p style=\"text-align: justify;\"><img loading=\"lazy\" decoding=\"async\" class=\"alignnone size-medium wp-image-66\" style=\"color: #333333; font-style: normal;\" src=\"http:\/\/marosikert.hu\/wp-content\/uploads\/2013\/11\/t\u00f6rpe-puszp\u00e1ng-300x225.jpg\" alt=\"t\u00f6rpe puszp\u00e1ng\" width=\"300\" height=\"225\" \/><\/p>\n<p style=\"text-align: justify;\"><strong>Buxus sempervirens Suffruticosa\u00a0<\/strong>\u00a0(T\u00d6RPE PUSZP\u00c1NG)<\/p>\n<p style=\"text-align: justify;\"><img loading=\"lazy\" decoding=\"async\" class=\"alignnone size-medium wp-image-65\" style=\"color: #333333; font-style: normal;\" src=\"http:\/\/marosikert.hu\/wp-content\/uploads\/2013\/11\/\u00f6r\u00f6kz\u00f6ld-puszp\u00e1ng-300x223.jpg\" alt=\"\u00f6r\u00f6kz\u00f6ld puszp\u00e1ng\" width=\"300\" height=\"223\" \/><\/p>\n<p style=\"text-align: justify;\"><strong>Campsis radicans\u00a0<\/strong>(TROMBITA FOLYOD\u00c1R\u00a0)<\/p>\n<p style=\"text-align: justify;\"><a href=\"http:\/\/marosikert.hu\/wp-content\/uploads\/2013\/11\/trombita-folyond\u00e1r.jpg\"><img loading=\"lazy\" decoding=\"async\" class=\"alignnone size-full wp-image-67\" src=\"http:\/\/marosikert.hu\/wp-content\/uploads\/2013\/11\/trombita-folyond\u00e1r.jpg\" alt=\"trombita folyond\u00e1r\" width=\"300\" height=\"275\" \/><\/a><\/p>\n<p style=\"text-align: justify;\"><strong>Chaenomeles japonica\u00a0<\/strong>\u00a0(JAP\u00c1NBIRS)<\/p>\n<p style=\"text-align: justify;\"><a href=\"http:\/\/marosikert.hu\/wp-content\/uploads\/2013\/11\/jap\u00e1nbirs.jpg\"><img loading=\"lazy\" decoding=\"async\" class=\"alignnone size-medium wp-image-68\" src=\"http:\/\/marosikert.hu\/wp-content\/uploads\/2013\/11\/jap\u00e1nbirs-300x199.jpg\" alt=\"jap\u00e1nbirs\" width=\"300\" height=\"199\" srcset=\"https:\/\/marosifaiskola.hu\/wp-content\/uploads\/2013\/11\/jap\u00e1nbirs-300x199.jpg 300w, https:\/\/marosifaiskola.hu\/wp-content\/uploads\/2013\/11\/jap\u00e1nbirs-1024x679.jpg 1024w, https:\/\/marosifaiskola.hu\/wp-content\/uploads\/2013\/11\/jap\u00e1nbirs-451x300.jpg 451w, https:\/\/marosifaiskola.hu\/wp-content\/uploads\/2013\/11\/jap\u00e1nbirs.jpg 1029w\" sizes=\"auto, (max-width: 300px) 100vw, 300px\" \/><\/a><\/p>\n<p style=\"text-align: justify;\"><strong>Cornus alba Kesselringii\u00a0<\/strong>\u00a0(FEKETEVESSZEJ\u0170 SOM)<\/p>\n<p style=\"text-align: justify;\"><a href=\"http:\/\/marosikert.hu\/wp-content\/uploads\/2013\/11\/feketevesszely\u0171-som.jpg\"><img loading=\"lazy\" decoding=\"async\" class=\"alignnone  wp-image-76\" src=\"http:\/\/marosikert.hu\/wp-content\/uploads\/2013\/11\/feketevesszely\u0171-som-300x300.jpg\" alt=\"feketevesszely\u0171 som\" width=\"270\" height=\"270\" srcset=\"https:\/\/marosifaiskola.hu\/wp-content\/uploads\/2013\/11\/feketevesszely\u0171-som-300x300.jpg 300w, https:\/\/marosifaiskola.hu\/wp-content\/uploads\/2013\/11\/feketevesszely\u0171-som-150x150.jpg 150w, https:\/\/marosifaiskola.hu\/wp-content\/uploads\/2013\/11\/feketevesszely\u0171-som.jpg 500w\" sizes=\"auto, (max-width: 270px) 100vw, 270px\" \/><\/a><\/p>\n<p style=\"text-align: justify;\"><strong>Cornus alba Sibirica\u00a0<\/strong>\u00a0(WESTONBIRS)<\/p>\n<p style=\"text-align: justify;\"><a href=\"http:\/\/marosikert.hu\/wp-content\/uploads\/2013\/11\/westonbirs.jpg\"><img loading=\"lazy\" decoding=\"async\" class=\"alignnone size-medium wp-image-77\" src=\"http:\/\/marosikert.hu\/wp-content\/uploads\/2013\/11\/westonbirs-300x225.jpg\" alt=\"westonbirs\" width=\"300\" height=\"225\" srcset=\"https:\/\/marosifaiskola.hu\/wp-content\/uploads\/2013\/11\/westonbirs-300x225.jpg 300w, https:\/\/marosifaiskola.hu\/wp-content\/uploads\/2013\/11\/westonbirs-400x300.jpg 400w, https:\/\/marosifaiskola.hu\/wp-content\/uploads\/2013\/11\/westonbirs.jpg 500w\" sizes=\"auto, (max-width: 300px) 100vw, 300px\" \/><\/a><\/p>\n<p style=\"text-align: justify;\"><strong>Cornus alba sib. Variegata\u00a0<\/strong>\u00a0(FEH\u00c9RTARKA LEVEL\u0170 D\u00cdSZSOM)<\/p>\n<p style=\"text-align: justify;\"><a href=\"http:\/\/marosikert.hu\/wp-content\/uploads\/2013\/11\/feh\u00e9rtarkalevel\u0171-d\u00edszsom.jpg\"><img loading=\"lazy\" decoding=\"async\" class=\"alignnone size-medium wp-image-78\" src=\"http:\/\/marosikert.hu\/wp-content\/uploads\/2013\/11\/feh\u00e9rtarkalevel\u0171-d\u00edszsom-300x200.jpg\" alt=\"feh\u00e9rtarkalevel\u0171 d\u00edszsom\" width=\"300\" height=\"200\" srcset=\"https:\/\/marosifaiskola.hu\/wp-content\/uploads\/2013\/11\/feh\u00e9rtarkalevel\u0171-d\u00edszsom-300x200.jpg 300w, https:\/\/marosifaiskola.hu\/wp-content\/uploads\/2013\/11\/feh\u00e9rtarkalevel\u0171-d\u00edszsom-449x300.jpg 449w, https:\/\/marosifaiskola.hu\/wp-content\/uploads\/2013\/11\/feh\u00e9rtarkalevel\u0171-d\u00edszsom.jpg 640w\" sizes=\"auto, (max-width: 300px) 100vw, 300px\" \/><\/a><\/p>\n<p style=\"text-align: justify;\"><strong>Cornus stolonifera Flaviremea\u00a0<\/strong>\u00a0(S\u00c1RGA VESSZEJ\u0170 SOM)<\/p>\n<p style=\"text-align: justify;\"><a href=\"http:\/\/marosikert.hu\/wp-content\/uploads\/2013\/11\/s\u00e1rgavesszely\u0171-som.jpg\"><img loading=\"lazy\" decoding=\"async\" class=\"alignnone size-medium wp-image-79\" src=\"http:\/\/marosikert.hu\/wp-content\/uploads\/2013\/11\/s\u00e1rgavesszely\u0171-som-300x200.jpg\" alt=\"s\u00e1rgavesszely\u0171 som\" width=\"300\" height=\"200\" srcset=\"https:\/\/marosifaiskola.hu\/wp-content\/uploads\/2013\/11\/s\u00e1rgavesszely\u0171-som-300x200.jpg 300w, https:\/\/marosifaiskola.hu\/wp-content\/uploads\/2013\/11\/s\u00e1rgavesszely\u0171-som-449x300.jpg 449w, https:\/\/marosifaiskola.hu\/wp-content\/uploads\/2013\/11\/s\u00e1rgavesszely\u0171-som.jpg 1024w\" sizes=\"auto, (max-width: 300px) 100vw, 300px\" \/><\/a><\/p>\n<p style=\"text-align: justify;\"><strong>Cotoneaster x suecicus Skogholm\u00a0<\/strong>\u00a0(TER\u00dcL\u0150 MAD\u00c1RBIRS)<\/p>\n<p style=\"text-align: justify;\"><a href=\"http:\/\/marosikert.hu\/wp-content\/uploads\/2013\/11\/sv\u00e9d-mad\u00e1rbirs.jpg\"><img loading=\"lazy\" decoding=\"async\" class=\"alignnone size-medium wp-image-82\" src=\"http:\/\/marosikert.hu\/wp-content\/uploads\/2013\/11\/sv\u00e9d-mad\u00e1rbirs-300x224.jpg\" alt=\"OLYMPUS DIGITAL CAMERA\" width=\"300\" height=\"224\" srcset=\"https:\/\/marosifaiskola.hu\/wp-content\/uploads\/2013\/11\/sv\u00e9d-mad\u00e1rbirs-300x224.jpg 300w, https:\/\/marosifaiskola.hu\/wp-content\/uploads\/2013\/11\/sv\u00e9d-mad\u00e1rbirs-400x300.jpg 400w, https:\/\/marosifaiskola.hu\/wp-content\/uploads\/2013\/11\/sv\u00e9d-mad\u00e1rbirs.jpg 900w\" sizes=\"auto, (max-width: 300px) 100vw, 300px\" \/><\/a><\/p>\n<p style=\"text-align: justify;\"><strong>Cotoneaster horizontalis\u00a0<\/strong>\u00a0(KERTI MAD\u00c1RBIRS)<\/p>\n<p style=\"text-align: justify;\"><a href=\"http:\/\/marosikert.hu\/wp-content\/uploads\/2013\/11\/kerti-bad\u00e1rbirs.jpg\"><img loading=\"lazy\" decoding=\"async\" class=\"alignnone size-medium wp-image-83\" src=\"http:\/\/marosikert.hu\/wp-content\/uploads\/2013\/11\/kerti-bad\u00e1rbirs-300x218.jpg\" alt=\"kerti bad\u00e1rbirs\" width=\"300\" height=\"218\" srcset=\"https:\/\/marosifaiskola.hu\/wp-content\/uploads\/2013\/11\/kerti-bad\u00e1rbirs-300x218.jpg 300w, https:\/\/marosifaiskola.hu\/wp-content\/uploads\/2013\/11\/kerti-bad\u00e1rbirs-412x300.jpg 412w, https:\/\/marosifaiskola.hu\/wp-content\/uploads\/2013\/11\/kerti-bad\u00e1rbirs.jpg 450w\" sizes=\"auto, (max-width: 300px) 100vw, 300px\" \/><\/a><\/p>\n<p style=\"text-align: justify;\"><strong>Cotoneaster sal. Parkteppich\u00a0<\/strong>\u00a0(F\u0170ZLEVEL\u0150 MAD\u00c1RBIRS)<\/p>\n<p style=\"text-align: justify;\"><a href=\"http:\/\/marosikert.hu\/wp-content\/uploads\/2013\/11\/k\u00fasz\u00f3-mad\u00e1rbirs.jpg\"><img loading=\"lazy\" decoding=\"async\" class=\"alignnone size-full wp-image-84\" src=\"http:\/\/marosikert.hu\/wp-content\/uploads\/2013\/11\/k\u00fasz\u00f3-mad\u00e1rbirs.jpg\" alt=\"k\u00fasz\u00f3 mad\u00e1rbirs\" width=\"299\" height=\"200\" \/><\/a><\/p>\n<p style=\"text-align: justify;\"><strong>Deutzia gracilis Nikko\u00a0<\/strong>\u00a0(T\u00d6RPE GY\u00d6NGYVIR\u00c1G)<\/p>\n<p style=\"text-align: justify;\"><a href=\"http:\/\/marosikert.hu\/wp-content\/uploads\/2013\/11\/t\u00f6rpe-gy\u00f6ngyvir\u00e1g.jpg\"><img loading=\"lazy\" decoding=\"async\" class=\"alignnone size-medium wp-image-85\" src=\"http:\/\/marosikert.hu\/wp-content\/uploads\/2013\/11\/t\u00f6rpe-gy\u00f6ngyvir\u00e1g-300x199.jpg\" alt=\"t\u00f6rpe gy\u00f6ngyvir\u00e1g\" width=\"300\" height=\"199\" \/><\/a><\/p>\n<p style=\"text-align: justify;\"><strong>Deutzia x hybrida Mont Rose\u00a0<\/strong>\u00a0(HIBRID GY\u00d6NGYVIR\u00c1G)<\/p>\n<p style=\"text-align: justify;\"><a href=\"http:\/\/marosikert.hu\/wp-content\/uploads\/2013\/11\/hibrid-gy\u00f6ngyvir\u00e1g.jpg\"><img loading=\"lazy\" decoding=\"async\" class=\"alignnone size-medium wp-image-87\" src=\"http:\/\/marosikert.hu\/wp-content\/uploads\/2013\/11\/hibrid-gy\u00f6ngyvir\u00e1g-300x199.jpg\" alt=\"hibrid gy\u00f6ngyvir\u00e1g\" width=\"300\" height=\"199\" srcset=\"https:\/\/marosifaiskola.hu\/wp-content\/uploads\/2013\/11\/hibrid-gy\u00f6ngyvir\u00e1g-300x199.jpg 300w, https:\/\/marosifaiskola.hu\/wp-content\/uploads\/2013\/11\/hibrid-gy\u00f6ngyvir\u00e1g-451x300.jpg 451w, https:\/\/marosifaiskola.hu\/wp-content\/uploads\/2013\/11\/hibrid-gy\u00f6ngyvir\u00e1g.jpg 800w\" sizes=\"auto, (max-width: 300px) 100vw, 300px\" \/><\/a><\/p>\n<p style=\"text-align: justify;\"><strong>Deutzia x hybrida Pink Pom-Pom\u00a0<\/strong>\u00a0(GY\u00d6NGYVIR\u00c1G CSERJE)<\/p>\n<p style=\"text-align: justify;\"><a href=\"http:\/\/marosikert.hu\/wp-content\/uploads\/2013\/11\/teltvir\u00e1g\u00fa-gy\u00f6ngyvir\u00e1g.jpg\"><img loading=\"lazy\" decoding=\"async\" class=\"alignnone size-medium wp-image-88\" src=\"http:\/\/marosikert.hu\/wp-content\/uploads\/2013\/11\/teltvir\u00e1g\u00fa-gy\u00f6ngyvir\u00e1g-300x214.jpg\" alt=\"teltvir\u00e1g\u00fa gy\u00f6ngyvir\u00e1g\" width=\"300\" height=\"214\" srcset=\"https:\/\/marosifaiskola.hu\/wp-content\/uploads\/2013\/11\/teltvir\u00e1g\u00fa-gy\u00f6ngyvir\u00e1g-300x214.jpg 300w, https:\/\/marosifaiskola.hu\/wp-content\/uploads\/2013\/11\/teltvir\u00e1g\u00fa-gy\u00f6ngyvir\u00e1g-420x300.jpg 420w, https:\/\/marosifaiskola.hu\/wp-content\/uploads\/2013\/11\/teltvir\u00e1g\u00fa-gy\u00f6ngyvir\u00e1g.jpg 532w\" sizes=\"auto, (max-width: 300px) 100vw, 300px\" \/><\/a><\/p>\n<p style=\"text-align: justify;\"><strong>Euonymus fortunei <strong>Emerald&#8217;n Gold<\/strong>\u00a0<\/strong>\u00a0(ARANYTARKA K\u00daSZ\u00d3 KECSKER\u00c1G\u00d3)<\/p>\n<p style=\"text-align: justify;\"><a href=\"http:\/\/marosikert.hu\/wp-content\/uploads\/2013\/11\/k\u00fasz\u00f3-kecsker\u00e1g\u00f3.jpg\"><img loading=\"lazy\" decoding=\"async\" class=\"alignnone size-medium wp-image-89\" src=\"http:\/\/marosikert.hu\/wp-content\/uploads\/2013\/11\/k\u00fasz\u00f3-kecsker\u00e1g\u00f3-300x224.jpg\" alt=\"k\u00fasz\u00f3 kecsker\u00e1g\u00f3\" width=\"300\" height=\"224\" srcset=\"https:\/\/marosifaiskola.hu\/wp-content\/uploads\/2013\/11\/k\u00fasz\u00f3-kecsker\u00e1g\u00f3-300x224.jpg 300w, https:\/\/marosifaiskola.hu\/wp-content\/uploads\/2013\/11\/k\u00fasz\u00f3-kecsker\u00e1g\u00f3-400x300.jpg 400w, https:\/\/marosifaiskola.hu\/wp-content\/uploads\/2013\/11\/k\u00fasz\u00f3-kecsker\u00e1g\u00f3.jpg 448w\" sizes=\"auto, (max-width: 300px) 100vw, 300px\" \/><\/a><\/p>\n<p style=\"text-align: justify;\"><strong>Euonymus fortunei Emerald Gaitey\u00a0<\/strong>\u00a0(FEH\u00c9RTARKA K\u00daSZ\u00d3 KECSKER\u00c1G\u00d3)<\/p>\n<p style=\"text-align: justify;\"><a href=\"http:\/\/marosikert.hu\/wp-content\/uploads\/2013\/11\/feh\u00e9rtarka-k\u00fasz\u00f3kecsker\u00e1g\u00f3.jpg\"><img loading=\"lazy\" decoding=\"async\" class=\"alignnone size-medium wp-image-90\" src=\"http:\/\/marosikert.hu\/wp-content\/uploads\/2013\/11\/feh\u00e9rtarka-k\u00fasz\u00f3kecsker\u00e1g\u00f3-300x210.jpg\" alt=\"feh\u00e9rtarka k\u00fasz\u00f3kecsker\u00e1g\u00f3\" width=\"300\" height=\"210\" srcset=\"https:\/\/marosifaiskola.hu\/wp-content\/uploads\/2013\/11\/feh\u00e9rtarka-k\u00fasz\u00f3kecsker\u00e1g\u00f3-300x210.jpg 300w, https:\/\/marosifaiskola.hu\/wp-content\/uploads\/2013\/11\/feh\u00e9rtarka-k\u00fasz\u00f3kecsker\u00e1g\u00f3-428x300.jpg 428w, https:\/\/marosifaiskola.hu\/wp-content\/uploads\/2013\/11\/feh\u00e9rtarka-k\u00fasz\u00f3kecsker\u00e1g\u00f3.jpg 448w\" sizes=\"auto, (max-width: 300px) 100vw, 300px\" \/><\/a><\/p>\n<p style=\"text-align: justify;\"><strong>Euonymus fortunei Canadalen&#8217;n Gold\u00a0<\/strong>\u00a0(K\u00daSZ\u00d3 KECSKER\u00c1G\u00d3)<\/p>\n<p style=\"text-align: justify;\"><a href=\"http:\/\/marosikert.hu\/wp-content\/uploads\/2013\/11\/aranyk\u00fasz\u00f3-kecsker\u00e1g\u00f3.jpg\"><img loading=\"lazy\" decoding=\"async\" class=\"alignnone size-medium wp-image-91\" src=\"http:\/\/marosikert.hu\/wp-content\/uploads\/2013\/11\/aranyk\u00fasz\u00f3-kecsker\u00e1g\u00f3-300x200.jpg\" alt=\"aranyk\u00fasz\u00f3 kecsker\u00e1g\u00f3\" width=\"300\" height=\"200\" \/><\/a><\/p>\n<p style=\"text-align: justify;\"><strong>Euonymus fortunei Sunspot\u00a0<\/strong>(KECSKER\u00c1G\u00d3\u00a0)<\/p>\n<p style=\"text-align: justify;\"><a href=\"http:\/\/marosikert.hu\/wp-content\/uploads\/2013\/11\/kecskek\u00fasz\u00f3.jpg\"><img loading=\"lazy\" decoding=\"async\" class=\"alignnone  wp-image-92\" src=\"http:\/\/marosikert.hu\/wp-content\/uploads\/2013\/11\/kecskek\u00fasz\u00f3.jpg\" alt=\"kecskek\u00fasz\u00f3\" width=\"270\" height=\"266\" \/><\/a><\/p>\n<p style=\"text-align: justify;\"><strong>Euonymus f. Kathy\u00a0<\/strong>\u00a0(NAGYLEVEL\u0170 KECSKER\u00c1G\u00d3)<\/p>\n<p style=\"text-align: justify;\"><a href=\"http:\/\/marosikert.hu\/wp-content\/uploads\/2013\/11\/nagylevel\u0171-kecsker\u00e1g\u00f3.jpg\"><img loading=\"lazy\" decoding=\"async\" class=\"alignnone size-medium wp-image-93\" src=\"http:\/\/marosikert.hu\/wp-content\/uploads\/2013\/11\/nagylevel\u0171-kecsker\u00e1g\u00f3-300x200.jpg\" alt=\"nagylevel\u0171 kecsker\u00e1g\u00f3\" width=\"300\" height=\"200\" srcset=\"https:\/\/marosifaiskola.hu\/wp-content\/uploads\/2013\/11\/nagylevel\u0171-kecsker\u00e1g\u00f3-300x200.jpg 300w, https:\/\/marosifaiskola.hu\/wp-content\/uploads\/2013\/11\/nagylevel\u0171-kecsker\u00e1g\u00f3-449x300.jpg 449w, https:\/\/marosifaiskola.hu\/wp-content\/uploads\/2013\/11\/nagylevel\u0171-kecsker\u00e1g\u00f3.jpg 640w\" sizes=\"auto, (max-width: 300px) 100vw, 300px\" \/><\/a><\/p>\n<p style=\"text-align: justify;\"><strong>Euonymus japonicus Microphyllus\u00a0<\/strong>\u00a0(KISLEVEL\u0170 JAP\u00c1N KECSKER\u00c1G\u00d3)<\/p>\n<p style=\"text-align: justify;\"><a href=\"http:\/\/marosikert.hu\/wp-content\/uploads\/2013\/11\/kislevel\u0171-jap\u00e1n-kecsker\u00e1g\u00f3.jpg\"><img loading=\"lazy\" decoding=\"async\" class=\"alignnone size-medium wp-image-94\" src=\"http:\/\/marosikert.hu\/wp-content\/uploads\/2013\/11\/kislevel\u0171-jap\u00e1n-kecsker\u00e1g\u00f3-300x225.jpg\" alt=\"kislevel\u0171 jap\u00e1n kecsker\u00e1g\u00f3\" width=\"300\" height=\"225\" srcset=\"https:\/\/marosifaiskola.hu\/wp-content\/uploads\/2013\/11\/kislevel\u0171-jap\u00e1n-kecsker\u00e1g\u00f3-300x225.jpg 300w, https:\/\/marosifaiskola.hu\/wp-content\/uploads\/2013\/11\/kislevel\u0171-jap\u00e1n-kecsker\u00e1g\u00f3-400x300.jpg 400w, https:\/\/marosifaiskola.hu\/wp-content\/uploads\/2013\/11\/kislevel\u0171-jap\u00e1n-kecsker\u00e1g\u00f3.jpg 540w\" sizes=\"auto, (max-width: 300px) 100vw, 300px\" \/><\/a><\/p>\n<p style=\"text-align: justify;\"><strong>Euonymus vegetus\u00a0<\/strong> (VEGETUS K\u00daSZ\u00d3 KECSKER\u00c1G\u00d3) &#8211; <strong>jelenleg nem el\u00e9rhet\u0151<\/strong><\/p>\n<p style=\"text-align: justify;\"><a href=\"http:\/\/marosikert.hu\/wp-content\/uploads\/2013\/11\/vegetus.jpg\"><img loading=\"lazy\" decoding=\"async\" class=\"alignnone  wp-image-95\" src=\"http:\/\/marosikert.hu\/wp-content\/uploads\/2013\/11\/vegetus-300x217.jpg\" alt=\"vegetus\" width=\"270\" height=\"195\" \/><\/a><\/p>\n<p style=\"text-align: justify;\"><strong>Forsythia Mel\u00e9e D&#8217;or\u00a0<\/strong>\u00a0(ARANYVESSZ\u0150)<\/p>\n<p style=\"text-align: justify;\"><a href=\"http:\/\/marosikert.hu\/wp-content\/uploads\/2013\/11\/aranyvessz\u0151.jpg\"><img loading=\"lazy\" decoding=\"async\" class=\"alignnone  wp-image-96\" src=\"http:\/\/marosikert.hu\/wp-content\/uploads\/2013\/11\/aranyvessz\u0151-300x205.jpg\" alt=\"aranyvessz\u0151\" width=\"270\" height=\"185\" srcset=\"https:\/\/marosifaiskola.hu\/wp-content\/uploads\/2013\/11\/aranyvessz\u0151-300x205.jpg 300w, https:\/\/marosifaiskola.hu\/wp-content\/uploads\/2013\/11\/aranyvessz\u0151.jpg 312w\" sizes=\"auto, (max-width: 270px) 100vw, 270px\" \/><\/a><\/p>\n<p style=\"text-align: justify;\"><strong>Forsythia x intermedia Beatrix Farrand\u00a0<\/strong>\u00a0(KERTI ARANYFA)<\/p>\n<p style=\"text-align: justify;\"><a href=\"http:\/\/marosikert.hu\/wp-content\/uploads\/2013\/11\/kerti-aranyfa.jpg\"><img loading=\"lazy\" decoding=\"async\" class=\"alignnone size-medium wp-image-98\" src=\"http:\/\/marosikert.hu\/wp-content\/uploads\/2013\/11\/kerti-aranyfa-300x168.jpg\" alt=\"kerti aranyfa\" width=\"300\" height=\"168\" srcset=\"https:\/\/marosifaiskola.hu\/wp-content\/uploads\/2013\/11\/kerti-aranyfa-300x168.jpg 300w, https:\/\/marosifaiskola.hu\/wp-content\/uploads\/2013\/11\/kerti-aranyfa.jpg 400w\" sizes=\"auto, (max-width: 300px) 100vw, 300px\" \/><\/a><\/p>\n<p style=\"text-align: justify;\"><strong>Forsythia x intermedia Flojor <\/strong>(MINIGOLD)\u00a0(KISVIR\u00c1G\u00da ARANYFA)<\/p>\n<p style=\"text-align: justify;\"><a href=\"http:\/\/marosikert.hu\/wp-content\/uploads\/2013\/11\/kisvir\u00e1g\u00fa-aranyfa.jpg\"><img loading=\"lazy\" decoding=\"async\" class=\"alignnone size-medium wp-image-99\" src=\"http:\/\/marosikert.hu\/wp-content\/uploads\/2013\/11\/kisvir\u00e1g\u00fa-aranyfa-300x225.jpg\" alt=\"kisvir\u00e1g\u00fa aranyfa\" width=\"300\" height=\"225\" srcset=\"https:\/\/marosifaiskola.hu\/wp-content\/uploads\/2013\/11\/kisvir\u00e1g\u00fa-aranyfa-300x225.jpg 300w, https:\/\/marosifaiskola.hu\/wp-content\/uploads\/2013\/11\/kisvir\u00e1g\u00fa-aranyfa.jpg 320w\" sizes=\"auto, (max-width: 300px) 100vw, 300px\" \/><\/a><\/p>\n<p style=\"text-align: justify;\"><strong>Forsythia Maluch\u00a0<\/strong> (MALUCH POMP\u00c1S ARANYFA) &#8211; <strong>jelenleg nem el\u00e9rhet\u0151<\/strong><\/p>\n<p style=\"text-align: justify;\"><a href=\"http:\/\/marosikert.hu\/wp-content\/uploads\/2013\/11\/maluch-aranyfa.jpg\"><img loading=\"lazy\" decoding=\"async\" class=\"alignnone size-medium wp-image-100\" src=\"http:\/\/marosikert.hu\/wp-content\/uploads\/2013\/11\/maluch-aranyfa-300x221.jpg\" alt=\"maluch aranyfa\" width=\"300\" height=\"221\" srcset=\"https:\/\/marosifaiskola.hu\/wp-content\/uploads\/2013\/11\/maluch-aranyfa-300x221.jpg 300w, https:\/\/marosifaiskola.hu\/wp-content\/uploads\/2013\/11\/maluch-aranyfa-406x300.jpg 406w, https:\/\/marosifaiskola.hu\/wp-content\/uploads\/2013\/11\/maluch-aranyfa.jpg 448w\" sizes=\"auto, (max-width: 300px) 100vw, 300px\" \/><\/a><\/p>\n<p style=\"text-align: justify;\"><strong>Hedera helix\u00a0<\/strong>(BOROSTY\u00c1N\u00a0)<\/p>\n<p style=\"text-align: justify;\"><a href=\"http:\/\/marosikert.hu\/wp-content\/uploads\/2013\/11\/borosty\u00e1n.jpg\"><img loading=\"lazy\" decoding=\"async\" class=\"alignnone size-full wp-image-101\" src=\"http:\/\/marosikert.hu\/wp-content\/uploads\/2013\/11\/borosty\u00e1n.jpg\" alt=\"borosty\u00e1n\" width=\"300\" height=\"225\" \/><\/a><\/p>\n<p style=\"text-align: justify;\"><strong>Hydrangea pan. Grandiflora\u00a0<\/strong>\u00a0(HORTENZIA)<\/p>\n<p style=\"text-align: justify;\"><a href=\"http:\/\/marosikert.hu\/wp-content\/uploads\/2013\/11\/hortenzia.jpg\"><img loading=\"lazy\" decoding=\"async\" class=\"alignnone size-medium wp-image-104\" src=\"http:\/\/marosikert.hu\/wp-content\/uploads\/2013\/11\/hortenzia-300x225.jpg\" alt=\"hortenzia\" width=\"300\" height=\"225\" srcset=\"https:\/\/marosifaiskola.hu\/wp-content\/uploads\/2013\/11\/hortenzia-300x225.jpg 300w, https:\/\/marosifaiskola.hu\/wp-content\/uploads\/2013\/11\/hortenzia-400x300.jpg 400w, https:\/\/marosifaiskola.hu\/wp-content\/uploads\/2013\/11\/hortenzia.jpg 640w\" sizes=\"auto, (max-width: 300px) 100vw, 300px\" \/><\/a><\/p>\n<p style=\"text-align: justify;\"><strong>Hypericum inodorum Rheingold\u00a0<\/strong>\u00a0(D\u00daS VIR\u00c1G\u00da ORB\u00c1NCF\u0170)<\/p>\n<p style=\"text-align: justify;\"><a href=\"http:\/\/marosikert.hu\/wp-content\/uploads\/2013\/11\/d\u00fas-vir\u00e1g\u00fa-orb\u00e1ncf\u0171.jpg\"><img loading=\"lazy\" decoding=\"async\" class=\"alignnone size-medium wp-image-105\" src=\"http:\/\/marosikert.hu\/wp-content\/uploads\/2013\/11\/d\u00fas-vir\u00e1g\u00fa-orb\u00e1ncf\u0171-300x225.jpg\" alt=\"d\u00fas vir\u00e1g\u00fa orb\u00e1ncf\u0171\" width=\"300\" height=\"225\" srcset=\"https:\/\/marosifaiskola.hu\/wp-content\/uploads\/2013\/11\/d\u00fas-vir\u00e1g\u00fa-orb\u00e1ncf\u0171-300x225.jpg 300w, https:\/\/marosifaiskola.hu\/wp-content\/uploads\/2013\/11\/d\u00fas-vir\u00e1g\u00fa-orb\u00e1ncf\u0171-400x300.jpg 400w, https:\/\/marosifaiskola.hu\/wp-content\/uploads\/2013\/11\/d\u00fas-vir\u00e1g\u00fa-orb\u00e1ncf\u0171.jpg 1000w\" sizes=\"auto, (max-width: 300px) 100vw, 300px\" \/><\/a><\/p>\n<p style=\"text-align: justify;\"><strong>Jasminum nudiflorum\u00a0<\/strong>\u00a0(T\u00c9LI J\u00c1ZMIN)<\/p>\n<p style=\"text-align: justify;\"><a href=\"http:\/\/marosikert.hu\/wp-content\/uploads\/2013\/11\/t\u00e9li-j\u00e1zmin.jpg\"><img loading=\"lazy\" decoding=\"async\" class=\"alignnone size-medium wp-image-106\" src=\"http:\/\/marosikert.hu\/wp-content\/uploads\/2013\/11\/t\u00e9li-j\u00e1zmin-300x225.jpg\" alt=\"t\u00e9li j\u00e1zmin\" width=\"300\" height=\"225\" srcset=\"https:\/\/marosifaiskola.hu\/wp-content\/uploads\/2013\/11\/t\u00e9li-j\u00e1zmin-300x225.jpg 300w, https:\/\/marosifaiskola.hu\/wp-content\/uploads\/2013\/11\/t\u00e9li-j\u00e1zmin-399x300.jpg 399w, https:\/\/marosifaiskola.hu\/wp-content\/uploads\/2013\/11\/t\u00e9li-j\u00e1zmin.jpg 600w\" sizes=\"auto, (max-width: 300px) 100vw, 300px\" \/><\/a><\/p>\n<p style=\"text-align: justify;\"><strong>Kolkwitzia am. Pink Cloud\u00a0<\/strong>(VIR\u00c1GLONC\u00a0)<\/p>\n<p style=\"text-align: justify;\"><a href=\"http:\/\/marosikert.hu\/wp-content\/uploads\/2013\/11\/vir\u00e1glonc.jpg\"><img loading=\"lazy\" decoding=\"async\" class=\"alignnone size-medium wp-image-107\" src=\"http:\/\/marosikert.hu\/wp-content\/uploads\/2013\/11\/vir\u00e1glonc-300x225.jpg\" alt=\"vir\u00e1glonc\" width=\"300\" height=\"225\" srcset=\"https:\/\/marosifaiskola.hu\/wp-content\/uploads\/2013\/11\/vir\u00e1glonc-300x225.jpg 300w, https:\/\/marosifaiskola.hu\/wp-content\/uploads\/2013\/11\/vir\u00e1glonc-400x300.jpg 400w, https:\/\/marosifaiskola.hu\/wp-content\/uploads\/2013\/11\/vir\u00e1glonc.jpg 640w\" sizes=\"auto, (max-width: 300px) 100vw, 300px\" \/><\/a><\/p>\n<p style=\"text-align: justify;\"><strong>Ligustrum obtusifolium \u0150szi B\u00edbor<\/strong><\/p>\n<p style=\"text-align: justify;\"><a href=\"http:\/\/marosikert.hu\/wp-content\/uploads\/2013\/11\/\u0151szi-b\u00edbor.jpg\"><img loading=\"lazy\" decoding=\"async\" class=\"alignnone size-medium wp-image-108\" src=\"http:\/\/marosikert.hu\/wp-content\/uploads\/2013\/11\/\u0151szi-b\u00edbor-300x225.jpg\" alt=\"\u0151szi b\u00edbor\" width=\"300\" height=\"225\" srcset=\"https:\/\/marosifaiskola.hu\/wp-content\/uploads\/2013\/11\/\u0151szi-b\u00edbor-300x225.jpg 300w, https:\/\/marosifaiskola.hu\/wp-content\/uploads\/2013\/11\/\u0151szi-b\u00edbor-400x300.jpg 400w, https:\/\/marosifaiskola.hu\/wp-content\/uploads\/2013\/11\/\u0151szi-b\u00edbor.jpg 640w\" sizes=\"auto, (max-width: 300px) 100vw, 300px\" \/><\/a><\/p>\n<p style=\"text-align: justify;\"><strong>Ligustrum ovalifolium<\/strong>\u00a0(T\u00c9LIZ\u00d6LD FAGYAL\u00a0)<\/p>\n<p style=\"text-align: justify;\"><a href=\"http:\/\/marosikert.hu\/wp-content\/uploads\/2013\/11\/t\u00e9liz\u00f6ld-fagyal.jpg\"><img loading=\"lazy\" decoding=\"async\" class=\"alignnone size-medium wp-image-109\" src=\"http:\/\/marosikert.hu\/wp-content\/uploads\/2013\/11\/t\u00e9liz\u00f6ld-fagyal-300x156.jpg\" alt=\"t\u00e9liz\u00f6ld fagyal\" width=\"300\" height=\"156\" srcset=\"https:\/\/marosifaiskola.hu\/wp-content\/uploads\/2013\/11\/t\u00e9liz\u00f6ld-fagyal-300x156.jpg 300w, https:\/\/marosifaiskola.hu\/wp-content\/uploads\/2013\/11\/t\u00e9liz\u00f6ld-fagyal-500x261.jpg 500w, https:\/\/marosifaiskola.hu\/wp-content\/uploads\/2013\/11\/t\u00e9liz\u00f6ld-fagyal.jpg 567w\" sizes=\"auto, (max-width: 300px) 100vw, 300px\" \/><\/a><\/p>\n<p style=\"text-align: justify;\"><strong>Ligustrum ovalifolium Argenteum\u00a0<\/strong>\u00a0(FEH\u00c9R TARKA FAGYAL)<\/p>\n<p style=\"text-align: justify;\"><a href=\"http:\/\/marosikert.hu\/wp-content\/uploads\/2013\/11\/feh\u00e9r-tarka-fagyal.jpg\"><img loading=\"lazy\" decoding=\"async\" class=\"alignnone size-medium wp-image-110\" src=\"http:\/\/marosikert.hu\/wp-content\/uploads\/2013\/11\/feh\u00e9r-tarka-fagyal-300x231.jpg\" alt=\"feh\u00e9r tarka fagyal\" width=\"300\" height=\"231\" srcset=\"https:\/\/marosifaiskola.hu\/wp-content\/uploads\/2013\/11\/feh\u00e9r-tarka-fagyal-300x231.jpg 300w, https:\/\/marosifaiskola.hu\/wp-content\/uploads\/2013\/11\/feh\u00e9r-tarka-fagyal-388x300.jpg 388w, https:\/\/marosifaiskola.hu\/wp-content\/uploads\/2013\/11\/feh\u00e9r-tarka-fagyal.jpg 398w\" sizes=\"auto, (max-width: 300px) 100vw, 300px\" \/><\/a><\/p>\n<p style=\"text-align: justify;\"><strong>Ligustrum ovalifolium Aureum\u00a0<\/strong>\u00a0(ARANY FAGYAL)<\/p>\n<p style=\"text-align: justify;\"><a href=\"http:\/\/marosikert.hu\/wp-content\/uploads\/2013\/11\/arany-fagyal.jpg\"><img loading=\"lazy\" decoding=\"async\" class=\"alignnone size-medium wp-image-111\" src=\"http:\/\/marosikert.hu\/wp-content\/uploads\/2013\/11\/arany-fagyal-300x225.jpg\" alt=\"arany fagyal\" width=\"300\" height=\"225\" \/><\/a><\/p>\n<p style=\"text-align: justify;\"><strong>Lonicera fragrantissima\u00a0<\/strong>\u00a0(ILLATOS LONC)<\/p>\n<p style=\"text-align: justify;\"><a href=\"http:\/\/marosikert.hu\/wp-content\/uploads\/2013\/11\/illatos-lonc.jpg\"><img loading=\"lazy\" decoding=\"async\" class=\"alignnone size-medium wp-image-112\" src=\"http:\/\/marosikert.hu\/wp-content\/uploads\/2013\/11\/illatos-lonc-300x225.jpg\" alt=\"illatos lonc\" width=\"300\" height=\"225\" srcset=\"https:\/\/marosifaiskola.hu\/wp-content\/uploads\/2013\/11\/illatos-lonc-300x225.jpg 300w, https:\/\/marosifaiskola.hu\/wp-content\/uploads\/2013\/11\/illatos-lonc-400x300.jpg 400w, https:\/\/marosifaiskola.hu\/wp-content\/uploads\/2013\/11\/illatos-lonc.jpg 640w\" sizes=\"auto, (max-width: 300px) 100vw, 300px\" \/><\/a><\/p>\n<p style=\"text-align: justify;\"><strong>Lonicera japonica Halliana\u00a0<\/strong>\u00a0(JAP\u00c1N LONC)<\/p>\n<p style=\"text-align: justify;\"><a href=\"http:\/\/marosikert.hu\/wp-content\/uploads\/2013\/11\/jap\u00e1n-lonc.jpg\"><img loading=\"lazy\" decoding=\"async\" class=\"alignnone size-medium wp-image-113\" src=\"http:\/\/marosikert.hu\/wp-content\/uploads\/2013\/11\/jap\u00e1n-lonc-300x200.jpg\" alt=\"jap\u00e1n lonc\" width=\"300\" height=\"200\" srcset=\"https:\/\/marosifaiskola.hu\/wp-content\/uploads\/2013\/11\/jap\u00e1n-lonc-300x200.jpg 300w, https:\/\/marosifaiskola.hu\/wp-content\/uploads\/2013\/11\/jap\u00e1n-lonc-450x300.jpg 450w, https:\/\/marosifaiskola.hu\/wp-content\/uploads\/2013\/11\/jap\u00e1n-lonc.jpg 600w\" sizes=\"auto, (max-width: 300px) 100vw, 300px\" \/><\/a><\/p>\n<p style=\"text-align: justify;\"><strong>Lonicera nitida Maigr\u00fcn\u00a0<\/strong>\u00a0(TER\u00dcL\u0150 MIRTUSZLONC)<\/p>\n<p style=\"text-align: justify;\"><a href=\"http:\/\/marosikert.hu\/wp-content\/uploads\/2013\/11\/ter\u00fcl\u0151-mirtuszlonc.jpg\"><img loading=\"lazy\" decoding=\"async\" class=\"alignnone size-medium wp-image-114\" src=\"http:\/\/marosikert.hu\/wp-content\/uploads\/2013\/11\/ter\u00fcl\u0151-mirtuszlonc-300x225.jpg\" alt=\"ter\u00fcl\u0151 mirtuszlonc\" width=\"300\" height=\"225\" srcset=\"https:\/\/marosifaiskola.hu\/wp-content\/uploads\/2013\/11\/ter\u00fcl\u0151-mirtuszlonc-300x225.jpg 300w, https:\/\/marosifaiskola.hu\/wp-content\/uploads\/2013\/11\/ter\u00fcl\u0151-mirtuszlonc-400x300.jpg 400w, https:\/\/marosifaiskola.hu\/wp-content\/uploads\/2013\/11\/ter\u00fcl\u0151-mirtuszlonc.jpg 600w\" sizes=\"auto, (max-width: 300px) 100vw, 300px\" \/><\/a><\/p>\n<p style=\"text-align: justify;\"><strong>Lonicera purpusii\u00a0<\/strong>\u00a0(KORAI LONC)<\/p>\n<p style=\"text-align: justify;\"><a href=\"http:\/\/marosikert.hu\/wp-content\/uploads\/2013\/11\/korai-lonc.jpg\"><img loading=\"lazy\" decoding=\"async\" class=\"alignnone size-medium wp-image-115\" src=\"http:\/\/marosikert.hu\/wp-content\/uploads\/2013\/11\/korai-lonc-300x225.jpg\" alt=\"korai lonc\" width=\"300\" height=\"225\" srcset=\"https:\/\/marosifaiskola.hu\/wp-content\/uploads\/2013\/11\/korai-lonc-300x225.jpg 300w, https:\/\/marosifaiskola.hu\/wp-content\/uploads\/2013\/11\/korai-lonc-400x300.jpg 400w, https:\/\/marosifaiskola.hu\/wp-content\/uploads\/2013\/11\/korai-lonc.jpg 1024w\" sizes=\"auto, (max-width: 300px) 100vw, 300px\" \/><\/a><\/p>\n<p style=\"text-align: justify;\"><strong>Parthenocissus quinquefolia<\/strong>\u00a0(VADSZ\u0150L\u0150)<\/p>\n<p style=\"text-align: justify;\"><a href=\"http:\/\/marosikert.hu\/wp-content\/uploads\/2013\/11\/tapad\u00f3-vadsz\u0151l\u0151.jpg\"><img loading=\"lazy\" decoding=\"async\" class=\"alignnone size-medium wp-image-123\" src=\"http:\/\/marosikert.hu\/wp-content\/uploads\/2013\/11\/tapad\u00f3-vadsz\u0151l\u0151-300x225.jpg\" alt=\"tapad\u00f3 vadsz\u0151l\u0151\" width=\"300\" height=\"225\" srcset=\"https:\/\/marosifaiskola.hu\/wp-content\/uploads\/2013\/11\/tapad\u00f3-vadsz\u0151l\u0151-300x225.jpg 300w, https:\/\/marosifaiskola.hu\/wp-content\/uploads\/2013\/11\/tapad\u00f3-vadsz\u0151l\u0151-400x300.jpg 400w, https:\/\/marosifaiskola.hu\/wp-content\/uploads\/2013\/11\/tapad\u00f3-vadsz\u0151l\u0151.jpg 600w\" sizes=\"auto, (max-width: 300px) 100vw, 300px\" \/><\/a><\/p>\n<p style=\"text-align: justify;\"><strong>Physocarpus opulifolius Luteus\u00a0<\/strong>\u00a0(S\u00c1RGA LEVEL\u0170 \u00a0H\u00d3LYAGVESSZ\u0150)<\/p>\n<p style=\"text-align: justify;\"><a href=\"http:\/\/marosikert.hu\/wp-content\/uploads\/2013\/11\/s\u00e1rgalevel\u0171-h\u00f3lyagvessz\u0151.jpg\"><img loading=\"lazy\" decoding=\"async\" class=\"alignnone size-medium wp-image-125\" src=\"http:\/\/marosikert.hu\/wp-content\/uploads\/2013\/11\/s\u00e1rgalevel\u0171-h\u00f3lyagvessz\u0151-300x199.jpg\" alt=\"s\u00e1rgalevel\u0171 h\u00f3lyagvessz\u0151\" width=\"300\" height=\"199\" srcset=\"https:\/\/marosifaiskola.hu\/wp-content\/uploads\/2013\/11\/s\u00e1rgalevel\u0171-h\u00f3lyagvessz\u0151-300x199.jpg 300w, https:\/\/marosifaiskola.hu\/wp-content\/uploads\/2013\/11\/s\u00e1rgalevel\u0171-h\u00f3lyagvessz\u0151-451x300.jpg 451w, https:\/\/marosifaiskola.hu\/wp-content\/uploads\/2013\/11\/s\u00e1rgalevel\u0171-h\u00f3lyagvessz\u0151.jpg 1024w\" sizes=\"auto, (max-width: 300px) 100vw, 300px\" \/><\/a><\/p>\n<p style=\"text-align: justify;\"><strong>Pyracantha coc. Kasan <\/strong>(NARANCS T\u0170ZT\u00d6VIS)<\/p>\n<p style=\"text-align: justify;\"><a href=\"http:\/\/marosikert.hu\/wp-content\/uploads\/2013\/11\/narancs-t\u0171zt\u00f6vis.jpg\"><img loading=\"lazy\" decoding=\"async\" class=\"alignnone size-medium wp-image-126\" src=\"http:\/\/marosikert.hu\/wp-content\/uploads\/2013\/11\/narancs-t\u0171zt\u00f6vis-300x168.jpg\" alt=\"narancs t\u0171zt\u00f6vis\" width=\"300\" height=\"168\" srcset=\"https:\/\/marosifaiskola.hu\/wp-content\/uploads\/2013\/11\/narancs-t\u0171zt\u00f6vis-300x168.jpg 300w, https:\/\/marosifaiskola.hu\/wp-content\/uploads\/2013\/11\/narancs-t\u0171zt\u00f6vis-500x281.jpg 500w, https:\/\/marosifaiskola.hu\/wp-content\/uploads\/2013\/11\/narancs-t\u0171zt\u00f6vis.jpg 640w\" sizes=\"auto, (max-width: 300px) 100vw, 300px\" \/><\/a><\/p>\n<p style=\"text-align: justify;\"><strong>Pyracantha Soleil d&#8217;Or\u00a0<\/strong>\u00a0(CITROMS\u00c1RGA BOGY\u00d3J\u00da T\u0170ZT\u00d6VIS)<\/p>\n<p style=\"text-align: justify;\"><a href=\"http:\/\/marosikert.hu\/wp-content\/uploads\/2013\/11\/citroms\u00e1rga-bogy\u00f3j\u00fa-t\u0171zt\u00f6vis.jpg\"><img loading=\"lazy\" decoding=\"async\" class=\"alignnone  wp-image-127\" src=\"http:\/\/marosikert.hu\/wp-content\/uploads\/2013\/11\/citroms\u00e1rga-bogy\u00f3j\u00fa-t\u0171zt\u00f6vis-300x225.jpg\" alt=\"citroms\u00e1rga bogy\u00f3j\u00fa t\u0171zt\u00f6vis\" width=\"270\" height=\"203\" srcset=\"https:\/\/marosifaiskola.hu\/wp-content\/uploads\/2013\/11\/citroms\u00e1rga-bogy\u00f3j\u00fa-t\u0171zt\u00f6vis-300x225.jpg 300w, https:\/\/marosifaiskola.hu\/wp-content\/uploads\/2013\/11\/citroms\u00e1rga-bogy\u00f3j\u00fa-t\u0171zt\u00f6vis-398x300.jpg 398w, https:\/\/marosifaiskola.hu\/wp-content\/uploads\/2013\/11\/citroms\u00e1rga-bogy\u00f3j\u00fa-t\u0171zt\u00f6vis.jpg 722w\" sizes=\"auto, (max-width: 270px) 100vw, 270px\" \/><\/a><\/p>\n<p style=\"text-align: justify;\"><strong>Pyracantha sp.\u00a0<\/strong>(T\u0170ZT\u00d6VIS\u00a0)<\/p>\n<p style=\"text-align: justify;\"><a href=\"http:\/\/marosikert.hu\/wp-content\/uploads\/2013\/11\/t\u0171zt\u00f6vis.jpg\"><img loading=\"lazy\" decoding=\"async\" class=\"alignnone  wp-image-128\" src=\"http:\/\/marosikert.hu\/wp-content\/uploads\/2013\/11\/t\u0171zt\u00f6vis-300x225.jpg\" alt=\"t\u0171zt\u00f6vis\" width=\"270\" height=\"203\" srcset=\"https:\/\/marosifaiskola.hu\/wp-content\/uploads\/2013\/11\/t\u0171zt\u00f6vis-300x225.jpg 300w, https:\/\/marosifaiskola.hu\/wp-content\/uploads\/2013\/11\/t\u0171zt\u00f6vis-400x300.jpg 400w, https:\/\/marosifaiskola.hu\/wp-content\/uploads\/2013\/11\/t\u0171zt\u00f6vis.jpg 640w\" sizes=\"auto, (max-width: 270px) 100vw, 270px\" \/><\/a><\/p>\n<p style=\"text-align: justify;\"><strong>Rosa Mozart\u00a0<\/strong>\u00a0(MOZART R\u00d3ZSA)<\/p>\n<p style=\"text-align: justify;\"><a href=\"http:\/\/marosikert.hu\/wp-content\/uploads\/2013\/11\/mozart-r\u00f3zsa.jpg\"><img loading=\"lazy\" decoding=\"async\" class=\"alignnone size-medium wp-image-129\" src=\"http:\/\/marosikert.hu\/wp-content\/uploads\/2013\/11\/mozart-r\u00f3zsa-300x217.jpg\" alt=\"mozart r\u00f3zsa\" width=\"300\" height=\"217\" srcset=\"https:\/\/marosifaiskola.hu\/wp-content\/uploads\/2013\/11\/mozart-r\u00f3zsa-300x217.jpg 300w, https:\/\/marosifaiskola.hu\/wp-content\/uploads\/2013\/11\/mozart-r\u00f3zsa-414x300.jpg 414w, https:\/\/marosifaiskola.hu\/wp-content\/uploads\/2013\/11\/mozart-r\u00f3zsa.jpg 450w\" sizes=\"auto, (max-width: 300px) 100vw, 300px\" \/><\/a><\/p>\n<p style=\"text-align: justify;\"><strong>Rosa pimpinellifolia\u00a0<\/strong>\u00a0(JAJ R\u00d3ZSA)<\/p>\n<p style=\"text-align: justify;\"><a href=\"http:\/\/marosikert.hu\/wp-content\/uploads\/2013\/11\/jajr\u00f3zsa.jpg\"><img loading=\"lazy\" decoding=\"async\" class=\"alignnone  wp-image-131\" src=\"http:\/\/marosikert.hu\/wp-content\/uploads\/2013\/11\/jajr\u00f3zsa-300x225.jpg\" alt=\"jajr\u00f3zsa\" width=\"270\" height=\"203\" srcset=\"https:\/\/marosifaiskola.hu\/wp-content\/uploads\/2013\/11\/jajr\u00f3zsa-300x225.jpg 300w, https:\/\/marosifaiskola.hu\/wp-content\/uploads\/2013\/11\/jajr\u00f3zsa.jpg 400w\" sizes=\"auto, (max-width: 270px) 100vw, 270px\" \/><\/a><\/p>\n<p style=\"text-align: justify;\"><strong>Rosa rugosa\u00a0<\/strong>\u00a0(JAP\u00c1N R\u00d3ZSA)<\/p>\n<p style=\"text-align: justify;\"><a href=\"http:\/\/marosikert.hu\/wp-content\/uploads\/2013\/11\/jap\u00e1n-r\u00f3zsa.jpg\"><img loading=\"lazy\" decoding=\"async\" class=\"alignnone  wp-image-133\" src=\"http:\/\/marosikert.hu\/wp-content\/uploads\/2013\/11\/jap\u00e1n-r\u00f3zsa-300x226.jpg\" alt=\"jap\u00e1n r\u00f3zsa\" width=\"270\" height=\"203\" srcset=\"https:\/\/marosifaiskola.hu\/wp-content\/uploads\/2013\/11\/jap\u00e1n-r\u00f3zsa-300x226.jpg 300w, https:\/\/marosifaiskola.hu\/wp-content\/uploads\/2013\/11\/jap\u00e1n-r\u00f3zsa-397x300.jpg 397w, https:\/\/marosifaiskola.hu\/wp-content\/uploads\/2013\/11\/jap\u00e1n-r\u00f3zsa.jpg 450w\" sizes=\"auto, (max-width: 270px) 100vw, 270px\" \/><\/a><\/p>\n<p style=\"text-align: justify;\"><strong>Spiraea Alboplena (Albiflora)\u00a0<\/strong>\u00a0(GY\u00d6NGYVESSZ\u0150)<\/p>\n<p style=\"text-align: justify;\"><a href=\"http:\/\/marosikert.hu\/wp-content\/uploads\/2013\/11\/gy\u00f6ngyvessz\u0151.jpg\"><img loading=\"lazy\" decoding=\"async\" class=\"alignnone  wp-image-134\" src=\"http:\/\/marosikert.hu\/wp-content\/uploads\/2013\/11\/gy\u00f6ngyvessz\u0151-300x224.jpg\" alt=\"gy\u00f6ngyvessz\u0151\" width=\"270\" height=\"202\" srcset=\"https:\/\/marosifaiskola.hu\/wp-content\/uploads\/2013\/11\/gy\u00f6ngyvessz\u0151-300x224.jpg 300w, https:\/\/marosifaiskola.hu\/wp-content\/uploads\/2013\/11\/gy\u00f6ngyvessz\u0151-400x300.jpg 400w, https:\/\/marosifaiskola.hu\/wp-content\/uploads\/2013\/11\/gy\u00f6ngyvessz\u0151.jpg 640w\" sizes=\"auto, (max-width: 270px) 100vw, 270px\" \/><\/a><\/p>\n<p style=\"text-align: justify;\"><strong>Spiraea japonica\u00a0<\/strong>\u00a0(JAP\u00c1N GY\u00d6NGYVESSZ\u0150)<\/p>\n<p style=\"text-align: justify;\"><a href=\"http:\/\/marosikert.hu\/wp-content\/uploads\/2013\/11\/jap\u00e1n-gy\u00f6ngyvessz\u0151.jpg\"><img loading=\"lazy\" decoding=\"async\" class=\"alignnone  wp-image-135\" src=\"http:\/\/marosikert.hu\/wp-content\/uploads\/2013\/11\/jap\u00e1n-gy\u00f6ngyvessz\u0151-300x225.jpg\" alt=\"jap\u00e1n gy\u00f6ngyvessz\u0151\" width=\"270\" height=\"203\" srcset=\"https:\/\/marosifaiskola.hu\/wp-content\/uploads\/2013\/11\/jap\u00e1n-gy\u00f6ngyvessz\u0151-300x225.jpg 300w, https:\/\/marosifaiskola.hu\/wp-content\/uploads\/2013\/11\/jap\u00e1n-gy\u00f6ngyvessz\u0151-400x300.jpg 400w, https:\/\/marosifaiskola.hu\/wp-content\/uploads\/2013\/11\/jap\u00e1n-gy\u00f6ngyvessz\u0151.jpg 500w\" sizes=\"auto, (max-width: 270px) 100vw, 270px\" \/><\/a><\/p>\n<p style=\"text-align: justify;\"><strong>Spiraea japonica Genpei (Shirobana)\u00a0<\/strong>\u00a0(JAP\u00c1N GY\u00d6NGYVESSZ\u0150 2)<\/p>\n<p style=\"text-align: justify;\"><a href=\"http:\/\/marosikert.hu\/wp-content\/uploads\/2013\/11\/jap\u00e1n-gy\u00f6ngyvessz\u01512.jpg\"><img loading=\"lazy\" decoding=\"async\" class=\"alignnone  wp-image-136\" src=\"http:\/\/marosikert.hu\/wp-content\/uploads\/2013\/11\/jap\u00e1n-gy\u00f6ngyvessz\u01512-300x225.jpg\" alt=\"jap\u00e1n gy\u00f6ngyvessz\u01512\" width=\"270\" height=\"203\" srcset=\"https:\/\/marosifaiskola.hu\/wp-content\/uploads\/2013\/11\/jap\u00e1n-gy\u00f6ngyvessz\u01512-300x225.jpg 300w, https:\/\/marosifaiskola.hu\/wp-content\/uploads\/2013\/11\/jap\u00e1n-gy\u00f6ngyvessz\u01512.jpg 400w\" sizes=\"auto, (max-width: 270px) 100vw, 270px\" \/><\/a><\/p>\n<p style=\"text-align: justify;\"><strong>Spiraea jap. Golden Princess\u00a0<\/strong>\u00a0(ARANY GY\u00d6NGYVESSZ\u0150)<\/p>\n<p style=\"text-align: justify;\"><a href=\"http:\/\/marosikert.hu\/wp-content\/uploads\/2013\/11\/arany-gy\u00f6ngyvessz\u0151.jpg\"><img loading=\"lazy\" decoding=\"async\" class=\"alignnone  wp-image-137\" src=\"http:\/\/marosikert.hu\/wp-content\/uploads\/2013\/11\/arany-gy\u00f6ngyvessz\u0151-300x199.jpg\" alt=\"arany gy\u00f6ngyvessz\u0151\" width=\"270\" height=\"179\" srcset=\"https:\/\/marosifaiskola.hu\/wp-content\/uploads\/2013\/11\/arany-gy\u00f6ngyvessz\u0151-300x199.jpg 300w, https:\/\/marosifaiskola.hu\/wp-content\/uploads\/2013\/11\/arany-gy\u00f6ngyvessz\u0151-451x300.jpg 451w, https:\/\/marosifaiskola.hu\/wp-content\/uploads\/2013\/11\/arany-gy\u00f6ngyvessz\u0151.jpg 800w\" sizes=\"auto, (max-width: 270px) 100vw, 270px\" \/><\/a><\/p>\n<p style=\"text-align: justify;\"><strong>Spiraea japonica Little Princess\u00a0<\/strong>\u00a0(R\u00d3ZSASZ\u00cdN T\u00d6RPE GY\u00d6NGYVESSZ\u0150)<\/p>\n<p style=\"text-align: justify;\"><a href=\"http:\/\/marosikert.hu\/wp-content\/uploads\/2013\/11\/r\u00f3zsasz\u00edn-t\u00f6rpe-gy\u00f6ngyvessz\u0151.jpg\"><img loading=\"lazy\" decoding=\"async\" class=\"alignnone  wp-image-139\" src=\"http:\/\/marosikert.hu\/wp-content\/uploads\/2013\/11\/r\u00f3zsasz\u00edn-t\u00f6rpe-gy\u00f6ngyvessz\u0151-300x225.jpg\" alt=\"r\u00f3zsasz\u00edn t\u00f6rpe gy\u00f6ngyvessz\u0151\" width=\"270\" height=\"203\" srcset=\"https:\/\/marosifaiskola.hu\/wp-content\/uploads\/2013\/11\/r\u00f3zsasz\u00edn-t\u00f6rpe-gy\u00f6ngyvessz\u0151-300x225.jpg 300w, https:\/\/marosifaiskola.hu\/wp-content\/uploads\/2013\/11\/r\u00f3zsasz\u00edn-t\u00f6rpe-gy\u00f6ngyvessz\u0151-399x300.jpg 399w, https:\/\/marosifaiskola.hu\/wp-content\/uploads\/2013\/11\/r\u00f3zsasz\u00edn-t\u00f6rpe-gy\u00f6ngyvessz\u0151.jpg 805w\" sizes=\"auto, (max-width: 270px) 100vw, 270px\" \/><\/a><\/p>\n<p style=\"text-align: justify;\"><strong>Spiraea x billardii\u00a0<\/strong>(PIROSVIR\u00c1G\u00da GY\u00d6NGYVESSZ\u0150\u00a0)<\/p>\n<p style=\"text-align: justify;\"><a href=\"http:\/\/marosikert.hu\/wp-content\/uploads\/2013\/11\/pirosvir\u00e1g\u00fa-gy\u00f6ngyvessz\u0151.jpg\"><img loading=\"lazy\" decoding=\"async\" class=\"alignnone  wp-image-140\" src=\"http:\/\/marosikert.hu\/wp-content\/uploads\/2013\/11\/pirosvir\u00e1g\u00fa-gy\u00f6ngyvessz\u0151-300x225.jpg\" alt=\"pirosvir\u00e1g\u00fa gy\u00f6ngyvessz\u0151\" width=\"270\" height=\"203\" srcset=\"https:\/\/marosifaiskola.hu\/wp-content\/uploads\/2013\/11\/pirosvir\u00e1g\u00fa-gy\u00f6ngyvessz\u0151-300x225.jpg 300w, https:\/\/marosifaiskola.hu\/wp-content\/uploads\/2013\/11\/pirosvir\u00e1g\u00fa-gy\u00f6ngyvessz\u0151-399x300.jpg 399w, https:\/\/marosifaiskola.hu\/wp-content\/uploads\/2013\/11\/pirosvir\u00e1g\u00fa-gy\u00f6ngyvessz\u0151.jpg 425w\" sizes=\"auto, (max-width: 270px) 100vw, 270px\" \/><\/a><\/p>\n<p style=\"text-align: justify;\"><strong>Spiraea nipponica Snowmound\u00a0<\/strong>\u00a0(NIPPONI GY\u00d6NGYVESSZ\u0150)<\/p>\n<p style=\"text-align: justify;\"><a href=\"http:\/\/marosikert.hu\/wp-content\/uploads\/2013\/11\/nipponi-gy\u00f6ngyvessz\u0151.jpg\"><img loading=\"lazy\" decoding=\"async\" class=\"alignnone  wp-image-141\" src=\"http:\/\/marosikert.hu\/wp-content\/uploads\/2013\/11\/nipponi-gy\u00f6ngyvessz\u0151-300x221.jpg\" alt=\"nipponi gy\u00f6ngyvessz\u0151\" width=\"270\" height=\"199\" srcset=\"https:\/\/marosifaiskola.hu\/wp-content\/uploads\/2013\/11\/nipponi-gy\u00f6ngyvessz\u0151-300x221.jpg 300w, https:\/\/marosifaiskola.hu\/wp-content\/uploads\/2013\/11\/nipponi-gy\u00f6ngyvessz\u0151-407x300.jpg 407w, https:\/\/marosifaiskola.hu\/wp-content\/uploads\/2013\/11\/nipponi-gy\u00f6ngyvessz\u0151.jpg 475w\" sizes=\"auto, (max-width: 270px) 100vw, 270px\" \/><\/a><\/p>\n<p style=\"text-align: justify;\"><strong>Spiraea x cinerea Grefsheim\u00a0<\/strong>\u00a0(HAMVAS GY\u00d6NGYVESSZ\u0150)<\/p>\n<p style=\"text-align: justify;\"><a href=\"http:\/\/marosikert.hu\/wp-content\/uploads\/2013\/11\/hamvas-gy\u00f6nyvessz\u0151.jpg\"><img loading=\"lazy\" decoding=\"async\" class=\"alignnone  wp-image-142\" src=\"http:\/\/marosikert.hu\/wp-content\/uploads\/2013\/11\/hamvas-gy\u00f6nyvessz\u0151-300x225.jpg\" alt=\"hamvas gy\u00f6nyvessz\u0151\" width=\"270\" height=\"203\" srcset=\"https:\/\/marosifaiskola.hu\/wp-content\/uploads\/2013\/11\/hamvas-gy\u00f6nyvessz\u0151-300x225.jpg 300w, https:\/\/marosifaiskola.hu\/wp-content\/uploads\/2013\/11\/hamvas-gy\u00f6nyvessz\u0151-400x300.jpg 400w, https:\/\/marosifaiskola.hu\/wp-content\/uploads\/2013\/11\/hamvas-gy\u00f6nyvessz\u0151.jpg 512w\" sizes=\"auto, (max-width: 270px) 100vw, 270px\" \/><\/a><\/p>\n<p style=\"text-align: justify;\"><strong>Spiraea x vanhouttei\u00a0<\/strong>\u00a0(K\u00d6Z\u00d6NS\u00c9GES GY\u00d6NGYVESSZ\u0150)<\/p>\n<p style=\"text-align: justify;\"><a href=\"http:\/\/marosikert.hu\/wp-content\/uploads\/2013\/11\/k\u00f6z\u00f6ns\u00e9ges-gy\u00f6ngyvessz\u0151.jpg\"><img loading=\"lazy\" decoding=\"async\" class=\"alignnone  wp-image-143\" src=\"http:\/\/marosikert.hu\/wp-content\/uploads\/2013\/11\/k\u00f6z\u00f6ns\u00e9ges-gy\u00f6ngyvessz\u0151-300x249.jpg\" alt=\"k\u00f6z\u00f6ns\u00e9ges gy\u00f6ngyvessz\u0151\" width=\"270\" height=\"224\" srcset=\"https:\/\/marosifaiskola.hu\/wp-content\/uploads\/2013\/11\/k\u00f6z\u00f6ns\u00e9ges-gy\u00f6ngyvessz\u0151-300x249.jpg 300w, https:\/\/marosifaiskola.hu\/wp-content\/uploads\/2013\/11\/k\u00f6z\u00f6ns\u00e9ges-gy\u00f6ngyvessz\u0151-361x300.jpg 361w, https:\/\/marosifaiskola.hu\/wp-content\/uploads\/2013\/11\/k\u00f6z\u00f6ns\u00e9ges-gy\u00f6ngyvessz\u0151.jpg 520w\" sizes=\"auto, (max-width: 270px) 100vw, 270px\" \/><\/a><\/p>\n<p style=\"text-align: justify;\"><strong>Symphoricarpos albus<\/strong>\u00a0(FEH\u00c9R H\u00d3BOGY\u00d3\u00a0)<\/p>\n<p style=\"text-align: justify;\"><a href=\"http:\/\/marosikert.hu\/wp-content\/uploads\/2013\/11\/feh\u00e9r-h\u00f3bogy\u00f3.jpg\"><img loading=\"lazy\" decoding=\"async\" class=\"alignnone  wp-image-144\" src=\"http:\/\/marosikert.hu\/wp-content\/uploads\/2013\/11\/feh\u00e9r-h\u00f3bogy\u00f3-300x190.jpg\" alt=\"feh\u00e9r h\u00f3bogy\u00f3\" width=\"270\" height=\"171\" srcset=\"https:\/\/marosifaiskola.hu\/wp-content\/uploads\/2013\/11\/feh\u00e9r-h\u00f3bogy\u00f3-300x190.jpg 300w, https:\/\/marosifaiskola.hu\/wp-content\/uploads\/2013\/11\/feh\u00e9r-h\u00f3bogy\u00f3-471x300.jpg 471w, https:\/\/marosifaiskola.hu\/wp-content\/uploads\/2013\/11\/feh\u00e9r-h\u00f3bogy\u00f3.jpg 550w\" sizes=\"auto, (max-width: 270px) 100vw, 270px\" \/><\/a><\/p>\n<p style=\"text-align: justify;\"><strong>Symphoricarpos dorenb. Magic Berry\u00a0<\/strong>(LIL\u00c1SV\u00d6R\u00d6S H\u00d3BOGY\u00d3\u00a0)<\/p>\n<p style=\"text-align: justify;\"><a href=\"http:\/\/marosikert.hu\/wp-content\/uploads\/2013\/11\/lil\u00e1sv\u00f6r\u00f6s-h\u00f3gyogy\u00f3.jpg\"><img loading=\"lazy\" decoding=\"async\" class=\"alignnone  wp-image-145\" src=\"http:\/\/marosikert.hu\/wp-content\/uploads\/2013\/11\/lil\u00e1sv\u00f6r\u00f6s-h\u00f3gyogy\u00f3-300x231.jpg\" alt=\"lil\u00e1sv\u00f6r\u00f6s h\u00f3gyogy\u00f3\" width=\"270\" height=\"208\" srcset=\"https:\/\/marosifaiskola.hu\/wp-content\/uploads\/2013\/11\/lil\u00e1sv\u00f6r\u00f6s-h\u00f3gyogy\u00f3-300x231.jpg 300w, https:\/\/marosifaiskola.hu\/wp-content\/uploads\/2013\/11\/lil\u00e1sv\u00f6r\u00f6s-h\u00f3gyogy\u00f3-387x300.jpg 387w, https:\/\/marosifaiskola.hu\/wp-content\/uploads\/2013\/11\/lil\u00e1sv\u00f6r\u00f6s-h\u00f3gyogy\u00f3.jpg 397w\" sizes=\"auto, (max-width: 270px) 100vw, 270px\" \/><\/a><\/p>\n<p style=\"text-align: justify;\"><strong>Symphoricarpos x chenaultii Hancock\u00a0<\/strong>\u00a0(TER\u00dcL\u0150 H\u00d3BOGY\u00d3)<\/p>\n<p style=\"text-align: justify;\"><a href=\"http:\/\/marosikert.hu\/wp-content\/uploads\/2013\/11\/kislevel\u0171-h\u00f3bogy\u00f3.jpg\"><img loading=\"lazy\" decoding=\"async\" class=\"alignnone  wp-image-147\" src=\"http:\/\/marosikert.hu\/wp-content\/uploads\/2013\/11\/kislevel\u0171-h\u00f3bogy\u00f3-300x212.jpg\" alt=\"kislevel\u0171 h\u00f3bogy\u00f3\" width=\"270\" height=\"191\" srcset=\"https:\/\/marosifaiskola.hu\/wp-content\/uploads\/2013\/11\/kislevel\u0171-h\u00f3bogy\u00f3-300x212.jpg 300w, https:\/\/marosifaiskola.hu\/wp-content\/uploads\/2013\/11\/kislevel\u0171-h\u00f3bogy\u00f3-424x300.jpg 424w, https:\/\/marosifaiskola.hu\/wp-content\/uploads\/2013\/11\/kislevel\u0171-h\u00f3bogy\u00f3.jpg 580w\" sizes=\"auto, (max-width: 270px) 100vw, 270px\" \/><\/a><\/p>\n<p style=\"text-align: justify;\"><strong>Tamarix tetranda\u00a0<\/strong>\u00a0(KORAI TAMARISKA)<\/p>\n<p style=\"text-align: justify;\"><a href=\"http:\/\/marosikert.hu\/wp-content\/uploads\/2013\/11\/korai-tamariska.jpg\"><img loading=\"lazy\" decoding=\"async\" class=\"alignnone  wp-image-149\" src=\"http:\/\/marosikert.hu\/wp-content\/uploads\/2013\/11\/korai-tamariska-300x225.jpg\" alt=\"korai tamariska\" width=\"270\" height=\"203\" srcset=\"https:\/\/marosifaiskola.hu\/wp-content\/uploads\/2013\/11\/korai-tamariska-300x225.jpg 300w, https:\/\/marosifaiskola.hu\/wp-content\/uploads\/2013\/11\/korai-tamariska-400x300.jpg 400w, https:\/\/marosifaiskola.hu\/wp-content\/uploads\/2013\/11\/korai-tamariska.jpg 640w\" sizes=\"auto, (max-width: 270px) 100vw, 270px\" \/><\/a><\/p>\n<p style=\"text-align: justify;\"><strong>Viburnum burkwoodii\u00a0<\/strong>\u00a0(TAVASZI BANGITA)<\/p>\n<p style=\"text-align: justify;\"><a href=\"http:\/\/marosikert.hu\/wp-content\/uploads\/2013\/11\/tavaszi-bangita.jpg\"><img loading=\"lazy\" decoding=\"async\" class=\"alignnone  wp-image-151\" src=\"http:\/\/marosikert.hu\/wp-content\/uploads\/2013\/11\/tavaszi-bangita-300x225.jpg\" alt=\"tavaszi bangita\" width=\"270\" height=\"203\" srcset=\"https:\/\/marosifaiskola.hu\/wp-content\/uploads\/2013\/11\/tavaszi-bangita-300x225.jpg 300w, https:\/\/marosifaiskola.hu\/wp-content\/uploads\/2013\/11\/tavaszi-bangita-400x300.jpg 400w, https:\/\/marosifaiskola.hu\/wp-content\/uploads\/2013\/11\/tavaszi-bangita.jpg 800w\" sizes=\"auto, (max-width: 270px) 100vw, 270px\" \/><\/a><\/p>\n<p style=\"text-align: justify;\"><strong>Viburnum opulus\u00a0<\/strong>\u00a0(K\u00c1NYABANGITA)<\/p>\n<p style=\"text-align: justify;\"><a href=\"http:\/\/marosikert.hu\/wp-content\/uploads\/2013\/11\/k\u00e1nyabangita.jpg\"><img loading=\"lazy\" decoding=\"async\" class=\"alignnone  wp-image-152\" src=\"http:\/\/marosikert.hu\/wp-content\/uploads\/2013\/11\/k\u00e1nyabangita-300x258.jpg\" alt=\"k\u00e1nyabangita\" width=\"270\" height=\"232\" srcset=\"https:\/\/marosifaiskola.hu\/wp-content\/uploads\/2013\/11\/k\u00e1nyabangita-300x258.jpg 300w, https:\/\/marosifaiskola.hu\/wp-content\/uploads\/2013\/11\/k\u00e1nyabangita-348x300.jpg 348w, https:\/\/marosifaiskola.hu\/wp-content\/uploads\/2013\/11\/k\u00e1nyabangita.jpg 413w\" sizes=\"auto, (max-width: 270px) 100vw, 270px\" \/><\/a><\/p>\n<p style=\"text-align: justify;\"><strong>Weigela fl. Variegata\u00a0<\/strong>\u00a0(TARKA LEVEL\u0170 R\u00d3ZSALONC)<\/p>\n<p style=\"text-align: justify;\"><a href=\"http:\/\/marosikert.hu\/wp-content\/uploads\/2013\/11\/tarka-level\u0171-r\u00f3zsalonc.jpg\"><img loading=\"lazy\" decoding=\"async\" class=\"alignnone  wp-image-154\" src=\"http:\/\/marosikert.hu\/wp-content\/uploads\/2013\/11\/tarka-level\u0171-r\u00f3zsalonc-300x225.jpg\" alt=\"tarka level\u0171 r\u00f3zsalonc\" width=\"270\" height=\"203\" srcset=\"https:\/\/marosifaiskola.hu\/wp-content\/uploads\/2013\/11\/tarka-level\u0171-r\u00f3zsalonc-300x225.jpg 300w, https:\/\/marosifaiskola.hu\/wp-content\/uploads\/2013\/11\/tarka-level\u0171-r\u00f3zsalonc-400x300.jpg 400w, https:\/\/marosifaiskola.hu\/wp-content\/uploads\/2013\/11\/tarka-level\u0171-r\u00f3zsalonc.jpg 500w\" sizes=\"auto, (max-width: 270px) 100vw, 270px\" \/><\/a><\/p>\n","protected":false},"excerpt":{"rendered":"<p>Berberis x media Red Yewel\u00a0(F\u00c9NYES LEVEL\u0170 \u00c9KSZERBORBOLYA) Berberis x ottavensis \u00a0Superba\u00a0\u00a0(S\u00d6T\u00c9TV\u00d6R\u00d6S BORBOLYA) Berberis thunbergi Atropurpures Nana\u00a0\u00a0(T\u00d6RPE V\u00c9RBORBOLYA) Berberis th. Green Carpet\u00a0\u00a0(TER\u00dcL\u0150 BORBOLYA) Buxus sempervirens\u00a0\u00a0(\u00d6R\u00d6KZ\u00d6LD PUSZP\u00c1NG) Buxus sempervirens Suffruticosa\u00a0\u00a0(T\u00d6RPE PUSZP\u00c1NG) Campsis radicans\u00a0(TROMBITA FOLYOD\u00c1R\u00a0) Chaenomeles japonica\u00a0\u00a0(JAP\u00c1NBIRS) Cornus alba Kesselringii\u00a0\u00a0(FEKETEVESSZEJ\u0170 SOM) Cornus alba &hellip; <a href=\"https:\/\/marosifaiskola.hu\/?page_id=9\">Egy kattint\u00e1s ide a folytat\u00e1shoz&#8230;. <span class=\"meta-nav\">&rarr;<\/span><\/a><\/p>\n","protected":false},"author":2,"featured_media":0,"parent":0,"menu_order":0,"comment_status":"closed","ping_status":"closed","template":"sidebar-page.php","meta":{"om_disable_all_campaigns":false,"_monsterinsights_skip_tracking":false,"_monsterinsights_sitenote_active":false,"_monsterinsights_sitenote_note":"","_monsterinsights_sitenote_category":0,"footnotes":""},"class_list":["post-9","page","type-page","status-publish","hentry"],"aioseo_notices":[],"_links":{"self":[{"href":"https:\/\/marosifaiskola.hu\/index.php?rest_route=\/wp\/v2\/pages\/9","targetHints":{"allow":["GET"]}}],"collection":[{"href":"https:\/\/marosifaiskola.hu\/index.php?rest_route=\/wp\/v2\/pages"}],"about":[{"href":"https:\/\/marosifaiskola.hu\/index.php?rest_route=\/wp\/v2\/types\/page"}],"author":[{"embeddable":true,"href":"https:\/\/marosifaiskola.hu\/index.php?rest_route=\/wp\/v2\/users\/2"}],"replies":[{"embeddable":true,"href":"https:\/\/marosifaiskola.hu\/index.php?rest_route=%2Fwp%2Fv2%2Fcomments&post=9"}],"version-history":[{"count":46,"href":"https:\/\/marosifaiskola.hu\/index.php?rest_route=\/wp\/v2\/pages\/9\/revisions"}],"predecessor-version":[{"id":516,"href":"https:\/\/marosifaiskola.hu\/index.php?rest_route=\/wp\/v2\/pages\/9\/revisions\/516"}],"wp:attachment":[{"href":"https:\/\/marosifaiskola.hu\/index.php?rest_route=%2Fwp%2Fv2%2Fmedia&parent=9"}],"curies":[{"name":"wp","href":"https:\/\/api.w.org\/{rel}","templated":true}]}}